{"id":24,"date":"2020-07-09T14:04:58","date_gmt":"2020-07-09T14:04:58","guid":{"rendered":"http:\/\/padereducation.de\/?page_id=24"},"modified":"2025-02-11T18:47:21","modified_gmt":"2025-02-11T17:47:21","slug":"ueber-uns","status":"publish","type":"page","link":"https:\/\/padereducation.de\/?page_id=24","title":{"rendered":"\u00dcber uns"},"content":{"rendered":"\n<h2 class=\"wp-block-heading\" id=\"jorg-bucker\"><strong>J\u00f6rg B\u00fccker<\/strong><\/h2>\n\n\n\n<figure class=\"wp-block-image size-large is-resized is-style-default\"><img decoding=\"async\" width=\"221\" height=\"221\" src=\"https:\/\/padereducation.de\/wp-content\/uploads\/2020\/12\/grafik-edited.png\" alt=\"\" class=\"wp-image-146\" srcset=\"https:\/\/padereducation.de\/wp-content\/uploads\/2020\/12\/grafik-edited.png 221w, https:\/\/padereducation.de\/wp-content\/uploads\/2020\/12\/grafik-edited-150x150.png 150w, https:\/\/padereducation.de\/wp-content\/uploads\/2020\/12\/grafik-edited-100x100.png 100w\" sizes=\"(max-width: 221px) 100vw, 221px\" \/><\/figure>\n\n\n\n<p>J\u00f6rg B\u00fccker vernetzt als Lehrbeauftragter an der <a href=\"https:\/\/www.hfm-detmold.de\/\">Hochschule f\u00fcr Musik Detmold<\/a> die erste Ausbildungsphase mit der zweiten Ausbildungsphase (Fachleiter f\u00fcr Musik am <a href=\"https:\/\/www.zfsl.nrw.de\/PAD\">ZfsL Paderborn<\/a>) und setzt als Mitbegr\u00fcnder von PaderEducation in Fortbildungen die Vernetzung mit der dritten Ausbildungsphase des lebenslangen Lernens weiter fort. Er nimmt sich dabei auf der Basis schulpraktischer Erfahrungen an einem Delbr\u00fccker Gymnasium mit den F\u00e4chern Musik und Geographie der Herausforderungen des digitalen Wandels in der Bildung und der damit einhergehenden Transformation an. Ein Schwerpunkt ist hier die Umsetzung des <a href=\"https:\/\/hse-heidelberg.de\/hsedigital\/hse-digital-teaching-and-learning-lab\/deeper-learning-initiative\/das-deeper-learning\">Deeper Learning Ansatzes<\/a> (<a href=\"https:\/\/hse-heidelberg.de\/\">Institut f\u00fcr Bildungswissenschaft Universit\u00e4t Heidelberg<\/a>). Besonders gerne begleitet er schulische Entwicklungsprozesse verschiedener Bildungseinrichtungen.<\/p>\n\n\n\n<p>E-Mail: <a href=\"mailto:joerg.buecker@padereducation.de\">joerg.buecker@padereducation.de<\/a><\/p>\n\n\n\n<p><\/p>\n\n\n\n<h2 class=\"wp-block-heading\" id=\"jorg-hagemann\"><strong>J\u00f6rg <\/strong>Schumacher \u2020<\/h2>\n\n\n\n<figure class=\"wp-block-image size-large\"><img decoding=\"async\" width=\"221\" height=\"221\" src=\"https:\/\/padereducation.de\/wp-content\/uploads\/2020\/12\/grafik-2-edited.png\" alt=\"\" class=\"wp-image-154\" srcset=\"https:\/\/padereducation.de\/wp-content\/uploads\/2020\/12\/grafik-2-edited.png 221w, https:\/\/padereducation.de\/wp-content\/uploads\/2020\/12\/grafik-2-edited-150x150.png 150w, https:\/\/padereducation.de\/wp-content\/uploads\/2020\/12\/grafik-2-edited-100x100.png 100w\" sizes=\"(max-width: 221px) 100vw, 221px\" \/><\/figure>\n\n\n\n<p>In tiefer Trauer m\u00fcssen wir mitteilen, dass der Mitbegr\u00fcnder von PaderEducation.de J\u00f6rg Schumacher Ende vergangenen Jahres pl\u00f6tzlich und unerwartet verstorben ist. Er unterrichtete an einem Gymnasium in Paderborn die F\u00e4cher Geographie und Sport. Seine pers\u00f6nliche Fortbildungsschwerpunkte waren Schulentwicklungsprozesse in einer Kultur der Digitalit\u00e4t und des Teilens, die Verkn\u00fcpfungen verschiedener Lernenformen unter neuorwissenschaftlichen Erkenntnissen sowie die Umsetzung des Deeper Learning Ansatzes. Er schloss den Zertifikatskurs &#8222;Digital Learning Leadership &#8211; Schule zukunftsorientiert in der digitalen Transformation gestalten&#8220; (DAPF) ab und war als Schulprozessbegleiter (SPB) am Zentrum f\u00fcr digitale Bildung und Schule gGmbH im Kreis G\u00fctersloh aktiv. Als Mitbegr\u00fcnder von PaderEducation hat er Lehrerfortbildungen und Schulentwicklungsbegleitungen im Bereich der digitalen Bildung gestaltet. Wir werden seine \u00fcberaus tiefgreifende fachliche Expertise, seine allzeit den Menschen als Ganzes zugewandte Art und seine F\u00e4higkeit, komplexe Gedanken und Prozesse auf den Punkt zu bringen, zu tiefst vermissen. Mit ihm geht uns ein in der Region und dar\u00fcber hinaus geachteter innovativer Denker, kluger Wegbegleiter, weitsichtiger Schulentwicklungsgestalter und treuer Freud verloren.<\/p>\n\n\n\n<p> <\/p>\n\n\n\n<p> <\/p>\n\n\n\n<p>  __________________<br>____________________<\/p>\n\n\n\n<p> <\/p>\n\n\n\n<p> <\/p>\n\n\n\n<p> <\/p>\n","protected":false},"excerpt":{"rendered":"<p>J\u00f6rg B\u00fccker J\u00f6rg B\u00fccker vernetzt als Lehrbeauftragter an der Hochschule f\u00fcr Musik Detmold die erste Ausbildungsphase mit der zweiten Ausbildungsphase (Fachleiter f\u00fcr Musik am ZfsL Paderborn) und setzt als Mitbegr\u00fcnder von PaderEducation in Fortbildungen die Vernetzung mit der dritten Ausbildungsphase des lebenslangen Lernens weiter fort. Er nimmt sich dabei auf der Basis schulpraktischer Erfahrungen an [&hellip;]<\/p>\n","protected":false},"author":3,"featured_media":0,"parent":0,"menu_order":0,"comment_status":"closed","ping_status":"closed","template":"","meta":{"footnotes":""},"class_list":["post-24","page","type-page","status-publish","hentry","missing-thumbnail"],"_links":{"self":[{"href":"https:\/\/padereducation.de\/index.php?rest_route=\/wp\/v2\/pages\/24","targetHints":{"allow":["GET"]}}],"collection":[{"href":"https:\/\/padereducation.de\/index.php?rest_route=\/wp\/v2\/pages"}],"about":[{"href":"https:\/\/padereducation.de\/index.php?rest_route=\/wp\/v2\/types\/page"}],"author":[{"embeddable":true,"href":"https:\/\/padereducation.de\/index.php?rest_route=\/wp\/v2\/users\/3"}],"replies":[{"embeddable":true,"href":"https:\/\/padereducation.de\/index.php?rest_route=%2Fwp%2Fv2%2Fcomments&post=24"}],"version-history":[{"count":26,"href":"https:\/\/padereducation.de\/index.php?rest_route=\/wp\/v2\/pages\/24\/revisions"}],"predecessor-version":[{"id":798,"href":"https:\/\/padereducation.de\/index.php?rest_route=\/wp\/v2\/pages\/24\/revisions\/798"}],"wp:attachment":[{"href":"https:\/\/padereducation.de\/index.php?rest_route=%2Fwp%2Fv2%2Fmedia&parent=24"}],"curies":[{"name":"wp","href":"https:\/\/api.w.org\/{rel}","templated":true}]}}